{"id":3557,"date":"2017-07-31T08:39:46","date_gmt":"2017-07-31T08:39:46","guid":{"rendered":"http:\/\/themes.themegoods.com\/grandtour\/demo2\/?page_id=3557"},"modified":"2024-03-29T22:32:43","modified_gmt":"2024-03-30T03:32:43","slug":"home","status":"publish","type":"page","link":"https:\/\/urieltreksperu.com\/","title":{"rendered":"Home"},"content":{"rendered":"<div  class=\"one fullwidth \"><\/div>\n<div  class=\"one withsmallpadding ppb_text\" style=\"padding-bottom:0px !important;text-align:center;padding:30px 0 30px 0;\" >\n<div class=\"standard_wrapper\">\n<div class=\"page_content_wrapper\">\n<div class=\"inner\">\n<div style=\"margin:auto;width:80%\">\n<h2><span style=\"color: #f39200;\">PROGRAMAS SUR DEL PER\u00da Y BOLIVIA<\/span><\/h2>\n<\/div>\n<\/div>\n<\/div>\n<\/div>\n<\/div>\n<div  class=\"ppb_tour_grid one nopadding \" >\n<div class=\"page_content_wrapper page_main_content sidebar_content full_width fixed_column\">\n<div class=\"standard_wrapper\">\n<div id=\"17117695631268961880\" class=\"portfolio_filter_wrapper gallery grid three_cols\" data-columns=\"3\">\n<div class=\"element grid classic3_cols animated1\">\n<div class=\"one_third gallery3 grid static filterable portfolio_type themeborder\" style=\"background-image:url(https:\/\/urieltreksperu.com\/wp-content\/uploads\/2016\/12\/51293393_10219220943941402_5448054118193037312_n.jpg);\"><a class=\"tour_image\" href=\"https:\/\/urieltreksperu.com\/index.php\/tour\/4125\/\"><\/a><\/p>\n<div class=\"portfolio_info_wrapper\">\n<h4>Sur del Peru y Selva Peruana<\/h4>\n<div class=\"tour_attribute_wrapper\"><\/div>\n<p>        \t\t    <br class=\"clear\"\/>\n\t\t\t\t<\/div>\n<\/div>\n<\/div>\n<div class=\"element grid classic3_cols animated2\">\n<div class=\"one_third gallery3 grid static filterable portfolio_type themeborder\" style=\"background-image:url(https:\/\/urieltreksperu.com\/wp-content\/uploads\/2024\/01\/UYUNI-EN-AUTO-700x466.webp);\"><a class=\"tour_image\" href=\"https:\/\/urieltreksperu.com\/index.php\/tour\/peru-bolivia\/\"><\/a><\/p>\n<div class=\"portfolio_info_wrapper\">\n<h4>Per\u00fa &#8211; Bolivia<\/h4>\n<div class=\"tour_attribute_wrapper\"><\/div>\n<p>        \t\t    <br class=\"clear\"\/>\n\t\t\t\t<\/div>\n<\/div>\n<\/div>\n<div class=\"element grid classic3_cols animated3\">\n<div class=\"one_third gallery3 grid static filterable portfolio_type themeborder\" style=\"background-image:url(https:\/\/urieltreksperu.com\/wp-content\/uploads\/2024\/01\/machu-3-700x466.jpg);\"><a class=\"tour_image\" href=\"https:\/\/urieltreksperu.com\/index.php\/tour\/sur-del-peru\/\"><\/a><\/p>\n<div class=\"portfolio_info_wrapper\">\n<h4>Sur del Per\u00fa<\/h4>\n<div class=\"tour_attribute_wrapper\"><\/div>\n<p>        \t\t    <br class=\"clear\"\/>\n\t\t\t\t<\/div>\n<\/div>\n<\/div>\n<\/div>\n<\/div>\n<\/div>\n<\/div>\n<div  class=\"ppb_image_two_third_fullwidth one\" style=\"background-color:#fcc100;\" >\n<div class=\"two_third_bg parallax\" data-jarallax-video=\"https:\/\/youtu.be\/S-c_bNpHzA0\"  style=\"height:500px;\"><\/div>\n<div class=\"one_third_bg\" style=\"height:500px;\">\n<div class=\"center_wrapper\">\n<div class=\"inner_content\">\n<h2 class=\"ppb_title\" style=\"\">Programa Sur del Per\u00fa<\/h2>\n<div class=\"page_tagline\" style=\"\">15,18 D\u00edas<\/div>\n<\/div>\n<\/div>\n<\/div>\n<p><br class=\"clear\"\/><\/div>\n<div  class=\"one withsmallpadding ppb_text\" style=\"text-align:center;padding:20px 0 20px 0;\" >\n<div class=\"standard_wrapper\">\n<div class=\"page_content_wrapper\">\n<div class=\"inner\">\n<div style=\"margin:auto;width:20%\">\n<h2><span style=\"color: #f39200;\">Destinos populares<\/span><\/h2>\n<\/div>\n<\/div>\n<\/div>\n<\/div>\n<\/div>\n<div  class=\"ppb_tour_classic one nopadding \" style=\"margin-bottom:50px;\" >\n<div class=\"page_content_wrapper page_main_content sidebar_content full_width fixed_column\">\n<div class=\"standard_wrapper\">\n<div id=\"1711769563754747331\" class=\"portfolio_filter_wrapper gallery classic four_cols\" data-columns=\"4\">\n<div class=\"element grid classic4_cols animated1\">\n<div class=\"one_fourth gallery4 classic static filterable portfolio_type themeborder\"><a class=\"tour_image\" href=\"https:\/\/urieltreksperu.com\/index.php\/tour\/chinchero-salineras-de-maras-y-moray\/\"><br \/>\n\t\t\t\t\t<img decoding=\"async\" src=\"https:\/\/urieltreksperu.com\/wp-content\/uploads\/2016\/12\/CHINCHERO-700x466.webp\" alt=\"Chinchero, Salineras de Maras y Moray\" \/><\/a><\/p>\n<div class=\"portfolio_info_wrapper\">\n        \t\t    <a class=\"tour_link\" href=\"https:\/\/urieltreksperu.com\/index.php\/tour\/chinchero-salineras-de-maras-y-moray\/\"><\/p>\n<h4>Chinchero, Salineras de Maras y Moray<\/h4>\n<p><\/a><\/p>\n<div class=\"tour_excerpt\">\n<p>Chinchero, Salineras de Maras y Moray  (Medio dia)<\/p>\n<\/div>\n<div class=\"tour_attribute_wrapper\">\n<div class=\"tour_attribute_days\">\n\t\t\t    \t\t\t    <span class=\"ti-time\"><\/span>1&nbsp;day<a href=\"javascript:;\" class=\"tooltip\" title=\"Available on Monday,&nbsp;Tuesday,&nbsp;Wednesday,&nbsp;Thursday,&nbsp;Friday,&nbsp;Saturday,&nbsp;Sunday\"><span class=\"ti-info-alt\"><\/span><\/a><\/div>\n<\/div>\n<p>        \t\t    <br class=\"clear\"\/>\n\t\t\t\t<\/div>\n<\/div>\n<\/div>\n<div class=\"element grid classic4_cols animated2\">\n<div class=\"one_fourth gallery4 classic static filterable portfolio_type themeborder\"><a class=\"tour_image\" href=\"https:\/\/urieltreksperu.com\/index.php\/tour\/vallesagrado-clasico\/\"><br \/>\n\t\t\t\t\t<img decoding=\"async\" src=\"https:\/\/urieltreksperu.com\/wp-content\/uploads\/2016\/12\/318739817_10230539691103007_8700318178467398747_n-700x466.jpg\" alt=\"Valle Sagrado de los Incas CL\u00c1SICO\" \/><\/a><\/p>\n<div class=\"portfolio_info_wrapper\">\n        \t\t    <a class=\"tour_link\" href=\"https:\/\/urieltreksperu.com\/index.php\/tour\/vallesagrado-clasico\/\"><\/p>\n<h4>Valle Sagrado de los Incas CL\u00c1SICO<\/h4>\n<p><\/a><\/p>\n<div class=\"tour_excerpt\">\n<p>Valle Sagrado, Pisac, Urubamba, Ollantaytambo, Chinchero<\/p>\n<\/div>\n<div class=\"tour_attribute_wrapper\">\n<div class=\"tour_attribute_days\">\n\t\t\t    \t\t\t    <span class=\"ti-time\"><\/span>1&nbsp;day<a href=\"javascript:;\" class=\"tooltip\" title=\"Available on Monday,&nbsp;Tuesday,&nbsp;Wednesday,&nbsp;Thursday,&nbsp;Friday,&nbsp;Saturday,&nbsp;Sunday\"><span class=\"ti-info-alt\"><\/span><\/a><\/div>\n<\/div>\n<p>        \t\t    <br class=\"clear\"\/>\n\t\t\t\t<\/div>\n<\/div>\n<\/div>\n<div class=\"element grid classic4_cols animated3\">\n<div class=\"one_fourth gallery4 classic static filterable portfolio_type themeborder\"><a class=\"tour_image\" href=\"https:\/\/urieltreksperu.com\/index.php\/tour\/valle-sagrado-maras-moray\/\"><br \/>\n\t\t\t\t\t<img decoding=\"async\" src=\"https:\/\/urieltreksperu.com\/wp-content\/uploads\/2016\/12\/MORAY-URIELTREKS-700x466.jpg\" alt=\"Valle Sagrado de los Incas y Maras Moray (1 D\u00eda)\" \/><\/a><\/p>\n<div class=\"portfolio_info_wrapper\">\n        \t\t    <a class=\"tour_link\" href=\"https:\/\/urieltreksperu.com\/index.php\/tour\/valle-sagrado-maras-moray\/\"><\/p>\n<h4>Valle Sagrado de los Incas y Maras Moray (1 D\u00eda)<\/h4>\n<p><\/a><\/p>\n<div class=\"tour_excerpt\">\n<p>Valle Sagrado + Maras + Moray 1 Dia<\/p>\n<\/div>\n<div class=\"tour_attribute_wrapper\">\n<div class=\"tour_attribute_days\">\n\t\t\t    \t\t\t    <span class=\"ti-time\"><\/span>1&nbsp;day<a href=\"javascript:;\" class=\"tooltip\" title=\"Available on Monday,&nbsp;Tuesday,&nbsp;Wednesday,&nbsp;Thursday,&nbsp;Friday,&nbsp;Saturday,&nbsp;Sunday\"><span class=\"ti-info-alt\"><\/span><\/a><\/div>\n<\/div>\n<p>        \t\t    <br class=\"clear\"\/>\n\t\t\t\t<\/div>\n<\/div>\n<\/div>\n<div class=\"element grid classic4_cols animated4\">\n<div class=\"one_fourth gallery4 classic static filterable portfolio_type themeborder\"><a class=\"tour_image\" href=\"https:\/\/urieltreksperu.com\/index.php\/tour\/valle-sur\/\"><br \/>\n\t\t\t\t\t<img decoding=\"async\" src=\"https:\/\/urieltreksperu.com\/wp-content\/uploads\/2023\/01\/Andahuyakukkar-700x440.jpg\" alt=\"Valle Sur Tipon Pikillacta &#038; Andahuaylillas\" \/><\/a><\/p>\n<div class=\"portfolio_info_wrapper\">\n        \t\t    <a class=\"tour_link\" href=\"https:\/\/urieltreksperu.com\/index.php\/tour\/valle-sur\/\"><\/p>\n<h4>Valle Sur Tipon Pikillacta &#038; Andahuaylillas<\/h4>\n<p><\/a><\/p>\n<div class=\"tour_excerpt\">\n<p>Valle Sur + Pikillacta y Andahuaylillas<\/p>\n<\/div>\n<div class=\"tour_attribute_wrapper\">\n<div class=\"tour_attribute_days\">\n\t\t\t    \t\t\t    <span class=\"ti-time\"><\/span>1&nbsp;day<a href=\"javascript:;\" class=\"tooltip\" title=\"Available on Monday,&nbsp;Tuesday,&nbsp;Wednesday,&nbsp;Thursday,&nbsp;Friday,&nbsp;Saturday,&nbsp;Sunday\"><span class=\"ti-info-alt\"><\/span><\/a><\/div>\n<\/div>\n<p>        \t\t    <br class=\"clear\"\/>\n\t\t\t\t<\/div>\n<\/div>\n<\/div>\n<div class=\"element grid classic4_cols animated5\">\n<div class=\"one_fourth gallery4 classic static filterable portfolio_type themeborder\"><a class=\"tour_image\" href=\"https:\/\/urieltreksperu.com\/index.php\/tour\/city-tour-cusco\/\"><br \/>\n\t\t\t\t\t<img decoding=\"async\" src=\"https:\/\/urieltreksperu.com\/wp-content\/uploads\/2023\/01\/citytourcusco-700x466.jpg\" alt=\"City tour Cusco\" \/><\/a><\/p>\n<div class=\"portfolio_info_wrapper\">\n        \t\t    <a class=\"tour_link\" href=\"https:\/\/urieltreksperu.com\/index.php\/tour\/city-tour-cusco\/\"><\/p>\n<h4>City tour Cusco<\/h4>\n<p><\/a><\/p>\n<div class=\"tour_excerpt\">\n<p>Tour de 1 D\u00eda, Tradicional<\/p>\n<\/div>\n<div class=\"tour_attribute_wrapper\">\n<div class=\"tour_attribute_days\">\n\t\t\t    \t\t\t    <span class=\"ti-time\"><\/span>1&nbsp;day<a href=\"javascript:;\" class=\"tooltip\" title=\"Available on Monday,&nbsp;Tuesday,&nbsp;Wednesday,&nbsp;Thursday,&nbsp;Friday,&nbsp;Saturday,&nbsp;Sunday\"><span class=\"ti-info-alt\"><\/span><\/a><\/div>\n<\/div>\n<p>        \t\t    <br class=\"clear\"\/>\n\t\t\t\t<\/div>\n<\/div>\n<\/div>\n<div class=\"element grid classic4_cols animated6\">\n<div class=\"one_fourth gallery4 classic static filterable portfolio_type themeborder\"><a class=\"tour_image\" href=\"https:\/\/urieltreksperu.com\/index.php\/tour\/vallesagrado-machupicchu\/\"><br \/>\n\t\t\t\t\t<img decoding=\"async\" src=\"https:\/\/urieltreksperu.com\/wp-content\/uploads\/2023\/01\/285131217_10229207301474099_7405120990390130222_n-700x466.jpg\" alt=\"Valle Sagrado conexion MachuPicchu\" \/><\/a><\/p>\n<div class=\"portfolio_info_wrapper\">\n        \t\t    <a class=\"tour_link\" href=\"https:\/\/urieltreksperu.com\/index.php\/tour\/vallesagrado-machupicchu\/\"><\/p>\n<h4>Valle Sagrado conexion MachuPicchu<\/h4>\n<p><\/a><\/p>\n<div class=\"tour_excerpt\">\n<p>Valle  sagrado de los Incas con conexi\u00f3n Machupicchu<\/p>\n<\/div>\n<div class=\"tour_attribute_wrapper\">\n<div class=\"tour_attribute_days\">\n\t\t\t    \t\t\t    <span class=\"ti-time\"><\/span>2&nbsp;days<\/div>\n<\/div>\n<p>        \t\t    <br class=\"clear\"\/>\n\t\t\t\t<\/div>\n<\/div>\n<\/div>\n<div class=\"element grid classic4_cols animated7\">\n<div class=\"one_fourth gallery4 classic static filterable portfolio_type themeborder\"><a class=\"tour_image\" href=\"https:\/\/urieltreksperu.com\/index.php\/tour\/chinchero-moray-machupicchu\/\"><br \/>\n\t\t\t\t\t<img decoding=\"async\" src=\"https:\/\/urieltreksperu.com\/wp-content\/uploads\/2016\/12\/CHINCHERO-TEJEDORA-700x466.jpg\" alt=\"Tours  Chinchero &#8211; Moray &#8211; Salineras &#8211; Machupicchu  2n \/ 1n\" \/><\/a><\/p>\n<div class=\"portfolio_info_wrapper\">\n        \t\t    <a class=\"tour_link\" href=\"https:\/\/urieltreksperu.com\/index.php\/tour\/chinchero-moray-machupicchu\/\"><\/p>\n<h4>Tours  Chinchero &#8211; Moray &#8211; Salineras &#8211; Machupicchu  2n \/ 1n<\/h4>\n<p><\/a><\/p>\n<div class=\"tour_excerpt\">\n<p>Chinchero , salineras, Moray Machupicchu 2n\/1N<\/p>\n<\/div>\n<div class=\"tour_attribute_wrapper\">\n<div class=\"tour_attribute_days\">\n\t\t\t    \t\t\t    <span class=\"ti-time\"><\/span>2&nbsp;days<\/div>\n<\/div>\n<p>        \t\t    <br class=\"clear\"\/>\n\t\t\t\t<\/div>\n<\/div>\n<\/div>\n<div class=\"element grid classic4_cols animated8\">\n<div class=\"one_fourth gallery4 classic static filterable portfolio_type themeborder\"><a class=\"tour_image\" href=\"https:\/\/urieltreksperu.com\/index.php\/tour\/machupicchu-entren\/\"><br \/>\n\t\t\t\t\t<img decoding=\"async\" src=\"https:\/\/urieltreksperu.com\/wp-content\/uploads\/2016\/12\/tren-machu-picchu-700x466.jpg\" alt=\"Machupicchu en tren\" \/><\/a><\/p>\n<div class=\"portfolio_info_wrapper\">\n        \t\t    <a class=\"tour_link\" href=\"https:\/\/urieltreksperu.com\/index.php\/tour\/machupicchu-entren\/\"><\/p>\n<h4>Machupicchu en tren<\/h4>\n<p><\/a><\/p>\n<div class=\"tour_excerpt\">\n<p>Conoce Machupicchu en tren<\/p>\n<\/div>\n<div class=\"tour_attribute_wrapper\">\n<div class=\"tour_attribute_days\">\n\t\t\t    \t\t\t    <span class=\"ti-time\"><\/span>1&nbsp;day<a href=\"javascript:;\" class=\"tooltip\" title=\"Available on Monday,&nbsp;Tuesday,&nbsp;Wednesday,&nbsp;Thursday,&nbsp;Friday,&nbsp;Saturday,&nbsp;Sunday\"><span class=\"ti-info-alt\"><\/span><\/a><\/div>\n<\/div>\n<p>        \t\t    <br class=\"clear\"\/>\n\t\t\t\t<\/div>\n<\/div>\n<\/div>\n<div class=\"element grid classic4_cols animated9\">\n<div class=\"one_fourth gallery4 classic static filterable portfolio_type themeborder\"><a class=\"tour_image\" href=\"https:\/\/urieltreksperu.com\/index.php\/tour\/machupicchuen-carro\/\"><br \/>\n\t\t\t\t\t<img decoding=\"async\" src=\"https:\/\/urieltreksperu.com\/wp-content\/uploads\/2016\/12\/MACHUPICCHU-VISTA-700x466.jpg\" alt=\"Machupicchu by Car\" \/><\/a><\/p>\n<div class=\"portfolio_info_wrapper\">\n        \t\t    <a class=\"tour_link\" href=\"https:\/\/urieltreksperu.com\/index.php\/tour\/machupicchuen-carro\/\"><\/p>\n<h4>Machupicchu by Car<\/h4>\n<p><\/a><\/p>\n<div class=\"tour_excerpt\">\n<p>Conoce Machupicchu en Carro<\/p>\n<\/div>\n<div class=\"tour_attribute_wrapper\">\n<div class=\"tour_attribute_days\">\n\t\t\t    \t\t\t    <span class=\"ti-time\"><\/span>2&nbsp;days<\/div>\n<\/div>\n<p>        \t\t    <br class=\"clear\"\/>\n\t\t\t\t<\/div>\n<\/div>\n<\/div>\n<\/div>\n<\/div>\n<\/div>\n<\/div>\n<div  class=\"one withsmallpadding ppb_text\" style=\"text-align:center;padding:20px 0 20px 0;\" >\n<div class=\"standard_wrapper\">\n<div class=\"page_content_wrapper\">\n<div class=\"inner\">\n<div style=\"margin:auto;width:20%\">\n<h2>Tours <span style=\"color: #f39200;\">de Aventura<\/span><\/h2>\n<\/div>\n<\/div>\n<\/div>\n<\/div>\n<\/div>\n<div  class=\"ppb_tour_classic one nopadding \" style=\"margin-bottom:50px;\" >\n<div class=\"page_content_wrapper page_main_content sidebar_content full_width fixed_column\">\n<div class=\"standard_wrapper\">\n<div id=\"17117695631711525291\" class=\"portfolio_filter_wrapper gallery classic four_cols\" data-columns=\"4\">\n<div class=\"element grid classic4_cols animated1\">\n<div class=\"one_fourth gallery4 classic static filterable portfolio_type themeborder\"><a class=\"tour_image\" href=\"https:\/\/urieltreksperu.com\/index.php\/tour\/ausangate-magico-y-la-mistica-de-las-07-lagunas-1d\/\"><br \/>\n\t\t\t\t\t<img decoding=\"async\" src=\"https:\/\/urieltreksperu.com\/wp-content\/uploads\/2016\/12\/Ausangate-700x466.jpg\" alt=\"Ausangate M\u00e1gico y la m\u00edstica de las 07 lagunas (1D)\" \/><\/p>\n<div class=\"tour_label\">Trekking<\/div>\n<p><\/a><\/p>\n<div class=\"portfolio_info_wrapper\">\n        \t\t    <a class=\"tour_link\" href=\"https:\/\/urieltreksperu.com\/index.php\/tour\/ausangate-magico-y-la-mistica-de-las-07-lagunas-1d\/\"><\/p>\n<h4>Ausangate M\u00e1gico y la m\u00edstica de las 07 lagunas (1D)<\/h4>\n<p><\/a><\/p>\n<div class=\"tour_excerpt\">\n<p>Las 7 Lagunas de Ausangate es una hermosa caminata de un d\u00eda, donde se pueden visitar varias lagunas de color turquesa, parte de la cordillera y tambi\u00e9n estar cerca de la monta\u00f1a Ausangate<\/p>\n<\/div>\n<div class=\"tour_attribute_wrapper\">\n<div class=\"tour_attribute_days\">\n\t\t\t    \t\t\t    <span class=\"ti-time\"><\/span>1&nbsp;day<a href=\"javascript:;\" class=\"tooltip\" title=\"Available on Monday,&nbsp;Tuesday,&nbsp;Wednesday,&nbsp;Thursday,&nbsp;Friday,&nbsp;Saturday,&nbsp;Sunday\"><span class=\"ti-info-alt\"><\/span><\/a><\/div>\n<\/div>\n<p>        \t\t    <br class=\"clear\"\/>\n\t\t\t\t<\/div>\n<\/div>\n<\/div>\n<div class=\"element grid classic4_cols animated2\">\n<div class=\"one_fourth gallery4 classic static filterable portfolio_type themeborder\"><a class=\"tour_image\" href=\"https:\/\/urieltreksperu.com\/index.php\/tour\/ausangate-treks-montana-arcoiris-vinincunka-4d-3n\/\"><br \/>\n\t\t\t\t\t<img decoding=\"async\" src=\"https:\/\/urieltreksperu.com\/wp-content\/uploads\/2016\/12\/montana-trekking-salkantay-700x466.jpg\" alt=\"Ausangate Treks + Monta\u00f1a Arcoiris Vinincunka 4d \/ 3n\" \/><\/p>\n<div class=\"tour_label\">Trekking<\/div>\n<p><\/a><\/p>\n<div class=\"portfolio_info_wrapper\">\n        \t\t    <a class=\"tour_link\" href=\"https:\/\/urieltreksperu.com\/index.php\/tour\/ausangate-treks-montana-arcoiris-vinincunka-4d-3n\/\"><\/p>\n<h4>Ausangate Treks + Monta\u00f1a Arcoiris Vinincunka 4d \/ 3n<\/h4>\n<p><\/a><\/p>\n<div class=\"tour_excerpt\">\n<p>Ausangate considerada una de las caminatas m\u00e1s impresionantes del Cusco. Y el \u00faltimo d\u00eda lo llevaremos a monta\u00f1a de 7 colores una de las  maravillas m\u00e1s visitada.<\/p>\n<\/div>\n<div class=\"tour_attribute_wrapper\">\n<div class=\"tour_attribute_days\">\n\t\t\t    \t\t\t    <span class=\"ti-time\"><\/span>4&nbsp;days<\/div>\n<\/div>\n<p>        \t\t    <br class=\"clear\"\/>\n\t\t\t\t<\/div>\n<\/div>\n<\/div>\n<div class=\"element grid classic4_cols animated3\">\n<div class=\"one_fourth gallery4 classic static filterable portfolio_type themeborder\"><a class=\"tour_image\" href=\"https:\/\/urieltreksperu.com\/index.php\/tour\/salkantay-trek-a-machu-picchu-5d-4n\/\"><br \/>\n\t\t\t\t\t<img decoding=\"async\" src=\"https:\/\/urieltreksperu.com\/wp-content\/uploads\/2016\/12\/52347459_10219344173102054_1849402425052495872_n-700x466.jpg\" alt=\"Salkantay  Trek a Machu Picchu (5D\/4N)\" \/><\/p>\n<div class=\"tour_label\">Trekking<\/div>\n<p><\/a><\/p>\n<div class=\"portfolio_info_wrapper\">\n        \t\t    <a class=\"tour_link\" href=\"https:\/\/urieltreksperu.com\/index.php\/tour\/salkantay-trek-a-machu-picchu-5d-4n\/\"><\/p>\n<h4>Salkantay  Trek a Machu Picchu (5D\/4N)<\/h4>\n<p><\/a><\/p>\n<div class=\"tour_excerpt\">\n<p>Salkantay  es una espectacular monta\u00f1a blanca orientada hacia todas las direcciones y proporciona agua dulce a m\u00e1s de medio mill\u00f3n de personas que viven alrededor del Monte<\/p>\n<\/div>\n<div class=\"tour_attribute_wrapper\">\n<div class=\"tour_attribute_days\">\n\t\t\t    \t\t\t    <span class=\"ti-time\"><\/span>5&nbsp;days<\/div>\n<\/div>\n<p>        \t\t    <br class=\"clear\"\/>\n\t\t\t\t<\/div>\n<\/div>\n<\/div>\n<div class=\"element grid classic4_cols animated4\">\n<div class=\"one_fourth gallery4 classic static filterable portfolio_type themeborder\"><a class=\"tour_image\" href=\"https:\/\/urieltreksperu.com\/index.php\/tour\/camino-inka-corto-a-machupicchu-2d-1n\/\"><br \/>\n\t\t\t\t\t<img decoding=\"async\" src=\"https:\/\/urieltreksperu.com\/wp-content\/uploads\/2023\/01\/camino-inca-corto-700x466.jpg\" alt=\"Camino Inka Corto a MACHUPICCHU 2D\/1N\" \/><\/p>\n<div class=\"tour_label\">Trekking<\/div>\n<p><\/a><\/p>\n<div class=\"portfolio_info_wrapper\">\n        \t\t    <a class=\"tour_link\" href=\"https:\/\/urieltreksperu.com\/index.php\/tour\/camino-inka-corto-a-machupicchu-2d-1n\/\"><\/p>\n<h4>Camino Inka Corto a MACHUPICCHU 2D\/1N<\/h4>\n<p><\/a><\/p>\n<div class=\"tour_excerpt\">\n<p>El Tour a Camino Inca inicia desde el kil\u00f3metro 104 es una caminata de 15 kil\u00f3metros hasta Machupicchu<\/p>\n<\/div>\n<div class=\"tour_attribute_wrapper\">\n<div class=\"tour_attribute_days\">\n\t\t\t    \t\t\t    <span class=\"ti-time\"><\/span>2&nbsp;days<\/div>\n<\/div>\n<p>        \t\t    <br class=\"clear\"\/>\n\t\t\t\t<\/div>\n<\/div>\n<\/div>\n<div class=\"element grid classic4_cols animated5\">\n<div class=\"one_fourth gallery4 classic static filterable portfolio_type themeborder\"><a class=\"tour_image\" href=\"https:\/\/urieltreksperu.com\/index.php\/tour\/camino-inca-original-a-machupicchu-4d-3n\/\"><br \/>\n\t\t\t\t\t<img decoding=\"async\" src=\"https:\/\/urieltreksperu.com\/wp-content\/uploads\/2016\/12\/CAMINO-INCA-700x466.jpg\" alt=\"Camino Inca Original a Machupicchu (4D\/3N)\" \/><\/p>\n<div class=\"tour_label\">Trekking<\/div>\n<p><\/a><\/p>\n<div class=\"portfolio_info_wrapper\">\n        \t\t    <a class=\"tour_link\" href=\"https:\/\/urieltreksperu.com\/index.php\/tour\/camino-inca-original-a-machupicchu-4d-3n\/\"><\/p>\n<h4>Camino Inca Original a Machupicchu (4D\/3N)<\/h4>\n<p><\/a><\/p>\n<div class=\"tour_excerpt\">\n<p>Turistas de todo el mundo son atra\u00eddos por la gran aventura del Cl\u00e1sico Camino Inca a Machu Picchu<\/p>\n<\/div>\n<div class=\"tour_attribute_wrapper\">\n<div class=\"tour_attribute_days\">\n\t\t\t    \t\t\t    <span class=\"ti-time\"><\/span>4&nbsp;days<\/div>\n<\/div>\n<p>        \t\t    <br class=\"clear\"\/>\n\t\t\t\t<\/div>\n<\/div>\n<\/div>\n<div class=\"element grid classic4_cols animated6\">\n<div class=\"one_fourth gallery4 classic static filterable portfolio_type themeborder\"><a class=\"tour_image\" href=\"https:\/\/urieltreksperu.com\/index.php\/tour\/inca-jungle-trek-a-machupicchu-4d-3n\/\"><br \/>\n\t\t\t\t\t<img decoding=\"async\" src=\"https:\/\/urieltreksperu.com\/wp-content\/uploads\/2023\/01\/inca-jungle-680x466.jpg\" alt=\"Inca Jungle  Trek a Machupicchu (4D\/3N)\" \/><\/p>\n<div class=\"tour_label\">Trekking<\/div>\n<p><\/a><\/p>\n<div class=\"portfolio_info_wrapper\">\n        \t\t    <a class=\"tour_link\" href=\"https:\/\/urieltreksperu.com\/index.php\/tour\/inca-jungle-trek-a-machupicchu-4d-3n\/\"><\/p>\n<h4>Inca Jungle  Trek a Machupicchu (4D\/3N)<\/h4>\n<p><\/a><\/p>\n<div class=\"tour_excerpt\">\n<p>Tour que combina deportes de aventura como: el descenso en bicicleta de monta\u00f1a, canotaje, zip-line y caminata antes de llegar a Machupicchu<\/p>\n<\/div>\n<div class=\"tour_attribute_wrapper\">\n<div class=\"tour_attribute_days\">\n\t\t\t    \t\t\t    <span class=\"ti-time\"><\/span>4&nbsp;days<\/div>\n<\/div>\n<p>        \t\t    <br class=\"clear\"\/>\n\t\t\t\t<\/div>\n<\/div>\n<\/div>\n<div class=\"element grid classic4_cols animated7\">\n<div class=\"one_fourth gallery4 classic static filterable portfolio_type themeborder\"><a class=\"tour_image\" href=\"https:\/\/urieltreksperu.com\/index.php\/tour\/treks-choquequirao-a-machupicchu-8-dias-y-7-noches\/\"><br \/>\n\t\t\t\t\t<img decoding=\"async\" src=\"https:\/\/urieltreksperu.com\/wp-content\/uploads\/2023\/01\/choquequirao-2-700x466.jpg\" alt=\"Treks Choquequirao A Machupicchu 8 D\u00edas Y 7 Noches\" \/><\/p>\n<div class=\"tour_label\">Trekking<\/div>\n<p><\/a><\/p>\n<div class=\"portfolio_info_wrapper\">\n        \t\t    <a class=\"tour_link\" href=\"https:\/\/urieltreksperu.com\/index.php\/tour\/treks-choquequirao-a-machupicchu-8-dias-y-7-noches\/\"><\/p>\n<h4>Treks Choquequirao A Machupicchu 8 D\u00edas Y 7 Noches<\/h4>\n<p><\/a><\/p>\n<div class=\"tour_excerpt\">\n<p>Treks Choquequirao A Machupicchu 8 D\u00edas Y 7 Noches<\/p>\n<\/div>\n<div class=\"tour_attribute_wrapper\">\n<div class=\"tour_attribute_days\">\n\t\t\t    \t\t\t    <span class=\"ti-time\"><\/span>8&nbsp;days<\/div>\n<\/div>\n<p>        \t\t    <br class=\"clear\"\/>\n\t\t\t\t<\/div>\n<\/div>\n<\/div>\n<div class=\"element grid classic4_cols animated8\">\n<div class=\"one_fourth gallery4 classic static filterable portfolio_type themeborder\"><a class=\"tour_image\" href=\"https:\/\/urieltreksperu.com\/index.php\/tour\/choquequirao-trek-4d-3n\/\"><br \/>\n\t\t\t\t\t<img decoding=\"async\" src=\"https:\/\/urieltreksperu.com\/wp-content\/uploads\/2016\/12\/Camino-Inca-Corto-a-Machu-Picchu-700x466.jpg\" alt=\"Choquequirao Trek (4D\/3N)\" \/><\/p>\n<div class=\"tour_label\">Trekking<\/div>\n<p><\/a><\/p>\n<div class=\"portfolio_info_wrapper\">\n        \t\t    <a class=\"tour_link\" href=\"https:\/\/urieltreksperu.com\/index.php\/tour\/choquequirao-trek-4d-3n\/\"><\/p>\n<h4>Choquequirao Trek (4D\/3N)<\/h4>\n<p><\/a><\/p>\n<div class=\"tour_excerpt\">\n<p>Choquequirao  una ciudad m\u00e1gica incaica localizado al Sur Este, de la ciudad del Cusco, entre el r\u00edo Apur\u00edmac y la cadena monta\u00f1osa del Vilcabamba<\/p>\n<\/div>\n<div class=\"tour_attribute_wrapper\">\n<div class=\"tour_attribute_days\">\n\t\t\t    \t\t\t    <span class=\"ti-time\"><\/span>4&nbsp;days<\/div>\n<\/div>\n<p>        \t\t    <br class=\"clear\"\/>\n\t\t\t\t<\/div>\n<\/div>\n<\/div>\n<div class=\"element grid classic4_cols animated9\">\n<div class=\"one_fourth gallery4 classic static filterable portfolio_type themeborder\"><a class=\"tour_image\" href=\"https:\/\/urieltreksperu.com\/index.php\/tour\/montana-decolores\/\"><br \/>\n\t\t\t\t\t<img decoding=\"async\" src=\"https:\/\/urieltreksperu.com\/wp-content\/uploads\/2016\/12\/MONTANA7COLOERS-700x466.jpg\" alt=\"Monta\u00f1a de colores Vinicunka(1D)\" \/><\/p>\n<div class=\"tour_label\">Trekking<\/div>\n<p><\/a><\/p>\n<div class=\"portfolio_info_wrapper\">\n        \t\t    <a class=\"tour_link\" href=\"https:\/\/urieltreksperu.com\/index.php\/tour\/montana-decolores\/\"><\/p>\n<h4>Monta\u00f1a de colores Vinicunka(1D)<\/h4>\n<p><\/a><\/p>\n<div class=\"tour_excerpt\">\n<p>La monta\u00f1a de Colores le ofrece un paisaje de ensue\u00f1o<\/p>\n<\/div>\n<div class=\"tour_attribute_wrapper\">\n<div class=\"tour_attribute_days\">\n\t\t\t    \t\t\t    <span class=\"ti-time\"><\/span>1&nbsp;day<a href=\"javascript:;\" class=\"tooltip\" title=\"Available on Monday,&nbsp;Tuesday,&nbsp;Wednesday,&nbsp;Thursday,&nbsp;Friday,&nbsp;Saturday,&nbsp;Sunday\"><span class=\"ti-info-alt\"><\/span><\/a><\/div>\n<\/div>\n<p>        \t\t    <br class=\"clear\"\/>\n\t\t\t\t<\/div>\n<\/div>\n<\/div>\n<div class=\"element grid classic4_cols animated10\">\n<div class=\"one_fourth gallery4 classic static filterable portfolio_type themeborder\"><a class=\"tour_image\" href=\"https:\/\/urieltreksperu.com\/index.php\/tour\/5-lake-of-fuji-san\/\"><br \/>\n\t\t\t\t\t<img decoding=\"async\" src=\"https:\/\/urieltreksperu.com\/wp-content\/uploads\/2016\/12\/palcoyo-700x466.jpg\" alt=\"Monta\u00f1a Arcoiris &#8211; Palcoyo 1D\" \/><\/p>\n<div class=\"tour_label\">Trekking<\/div>\n<p><\/a><\/p>\n<div class=\"portfolio_info_wrapper\">\n        \t\t    <a class=\"tour_link\" href=\"https:\/\/urieltreksperu.com\/index.php\/tour\/5-lake-of-fuji-san\/\"><\/p>\n<h4>Monta\u00f1a Arcoiris &#8211; Palcoyo 1D<\/h4>\n<p><\/a><\/p>\n<div class=\"tour_excerpt\">\n<p>Impresionante atractivo natural \u201cLa cordillera arco iris de Palccoyo\u201d<\/p>\n<\/div>\n<div class=\"tour_attribute_wrapper\">\n<div class=\"tour_attribute_days\">\n\t\t\t    \t\t\t    <span class=\"ti-time\"><\/span>1&nbsp;day<a href=\"javascript:;\" class=\"tooltip\" title=\"Available on Monday,&nbsp;Tuesday,&nbsp;Wednesday,&nbsp;Thursday,&nbsp;Friday,&nbsp;Saturday,&nbsp;Sunday\"><span class=\"ti-info-alt\"><\/span><\/a><\/div>\n<\/div>\n<p>        \t\t    <br class=\"clear\"\/>\n\t\t\t\t<\/div>\n<\/div>\n<\/div>\n<div class=\"element grid classic4_cols animated11\">\n<div class=\"one_fourth gallery4 classic static filterable portfolio_type themeborder\"><a class=\"tour_image\" href=\"https:\/\/urieltreksperu.com\/index.php\/tour\/swiss-alps-trip\/\"><br \/>\n\t\t\t\t\t<img decoding=\"async\" src=\"https:\/\/urieltreksperu.com\/wp-content\/uploads\/2023\/01\/humantay-700x466.jpg\" alt=\"Excursi\u00f3n Laguna Humantay (1D)\" \/><\/p>\n<div class=\"tour_label\">Trekking<\/div>\n<p><\/a><\/p>\n<div class=\"portfolio_info_wrapper\">\n        \t\t    <a class=\"tour_link\" href=\"https:\/\/urieltreksperu.com\/index.php\/tour\/swiss-alps-trip\/\"><\/p>\n<h4>Excursi\u00f3n Laguna Humantay (1D)<\/h4>\n<p><\/a><\/p>\n<div class=\"tour_excerpt\">\n<p>majestuosa maravilla que nos ofrece la naturaleza con una altitud de 4 250 m.s.n.m<\/p>\n<\/div>\n<div class=\"tour_attribute_wrapper\">\n<div class=\"tour_attribute_days\">\n\t\t\t    \t\t\t    <span class=\"ti-time\"><\/span>1&nbsp;day<a href=\"javascript:;\" class=\"tooltip\" title=\"Available on Monday,&nbsp;Tuesday,&nbsp;Wednesday,&nbsp;Thursday,&nbsp;Friday,&nbsp;Saturday,&nbsp;Sunday\"><span class=\"ti-info-alt\"><\/span><\/a><\/div>\n<\/div>\n<p>        \t\t    <br class=\"clear\"\/>\n\t\t\t\t<\/div>\n<\/div>\n<\/div>\n<div class=\"element grid classic4_cols animated12\">\n<div class=\"one_fourth gallery4 classic static filterable portfolio_type themeborder\"><a class=\"tour_image\" href=\"https:\/\/urieltreksperu.com\/index.php\/tour\/colorful-singapore\/\"><br \/>\n\t\t\t\t\t<img decoding=\"async\" src=\"https:\/\/urieltreksperu.com\/wp-content\/uploads\/2016\/12\/Waqrapukara-tour-waqrapukara-cusco-peru-700x466.png\" alt=\"Tour WaqraPukara 1D\" \/><\/p>\n<div class=\"tour_label\">Trekking<\/div>\n<p><\/a><\/p>\n<div class=\"portfolio_info_wrapper\">\n        \t\t    <a class=\"tour_link\" href=\"https:\/\/urieltreksperu.com\/index.php\/tour\/colorful-singapore\/\"><\/p>\n<h4>Tour WaqraPukara 1D<\/h4>\n<p><\/a><\/p>\n<div class=\"tour_excerpt\">\n<p>Este tour lo llevar\u00e1 a uno de los templos incas m\u00e1s antiguos de la \u00e9poca inca y pre inca, ubicado en la cordillera de los Andes del Cusco<\/p>\n<\/div>\n<div class=\"tour_attribute_wrapper\">\n<div class=\"tour_attribute_days\">\n\t\t\t    \t\t\t    <span class=\"ti-time\"><\/span>1&nbsp;day<a href=\"javascript:;\" class=\"tooltip\" title=\"Available on Monday,&nbsp;Tuesday,&nbsp;Wednesday,&nbsp;Thursday,&nbsp;Friday,&nbsp;Saturday,&nbsp;Sunday\"><span class=\"ti-info-alt\"><\/span><\/a><\/div>\n<\/div>\n<p>        \t\t    <br class=\"clear\"\/>\n\t\t\t\t<\/div>\n<\/div>\n<\/div>\n<\/div>\n<\/div>\n<\/div>\n<\/div>\n<div  class=\"parallax \" style=\"background-image: url(https:\/\/urieltreksperu.com\/wp-content\/uploads\/2023\/01\/URIEL-TREKS.jpg);height:50vh; \"><\/div>\n<div  class=\"one withsmallpadding ppb_header \" style=\"padding-bottom: 0px !important;text-align:left;padding:60px 0 60px 0;\" >\n<div class=\"standard_wrapper\">\n<div class=\"page_content_wrapper\">\n<div class=\"inner\">\n<div style=\"margin:auto;width:100%\">\n<h2 class=\"ppb_title\" style=\"\">Testimonios <\/h2>\n<div class=\"page_tagline\" style=\"\">Testimonios de nuestros pasajeros<\/div>\n<\/div>\n<\/div>\n<\/div>\n<\/div>\n<\/div>\n<div  class=\"one withsmallpadding ppb_testimonial_column\" style=\"padding-bottom: 10px !important;\" >\n<div class=\"standard_wrapper\">\n<div class=\"page_content_wrapper\">\n<div class=\"inner\">\n<div class=\"testimonial_wrapper\">\n<div class=\"one_third testimonial_column_element animated1 \">\n<div class=\"testimonial_content\">&#8220;Me encant\u00f3 la experiencia con Uriel. Yo no estaba acostumbrado a la alta altura pero \u00e9l hizo much\u00edsimos brakes para qu\u00e9 pueda superar el sendero agotador que est\u00e1bamos tomando en el salcantay.Le recomendar\u00e9 esta experiencia y al gu\u00eda Uriel a cualquiera de mis amigos<br \/>\n&#8220;<\/p>\n<div class=\"testimonial_customer\">\n<h6 >Elisa Cavazzoli.<\/h6>\n<div class=\"testimonial_customer_position\" >Italia<\/div>\n<\/div>\n<\/div>\n<\/div>\n<div class=\"one_third testimonial_column_element animated2 \">\n<div class=\"testimonial_content\">&#8220;Esta fue una de las experiencias m\u00e1s incre\u00edbles de mi vida. Fue absolutamente hermoso caminar por los andes para terminar en machu pichu. Nuestro gu\u00eda tur\u00edstico, Uriel, fue incre\u00edble, ten\u00edan excelente informaci\u00f3n y fueron amables todo el tiempo, lo que hizo que el grupo se sintiera como una gran familia.&#8221;<\/p>\n<div class=\"testimonial_customer\">\n<h6 >Alessandro Tortolone<\/h6>\n<div class=\"testimonial_customer_position\" >ITALIA<\/div>\n<\/div>\n<\/div>\n<\/div>\n<div class=\"one_third testimonial_column_element animated3 last\">\n<div class=\"testimonial_content\">\u00a1Espero que haya una oportunidad de encontrarnos de nuevo! Uriel Apaza la mejor guia de Peru<\/p>\n<div class=\"testimonial_customer\">\n<h6 >Michela Vallini<\/h6>\n<div class=\"testimonial_customer_position\" >Italia<\/div>\n<\/div>\n<\/div>\n<\/div>\n<\/div>\n<\/div>\n<\/div>\n<\/div>\n<\/div>\n<div  class=\"one ppb_image_fixed_width\"  style=\"padding-top:10px;padding-bottom10px;\" >\n<div class=\"page_content_wrapper\">\n<div class=\"inner\">\n<div class=\"image_classic_frame\">\n<div class=\"image_wrapper\"><a href=\"https:\/\/urieltreksperu.com\/wp-content\/uploads\/2024\/03\/logos-1.png\" class=\"img_frame\"><img decoding=\"async\" src=\"https:\/\/urieltreksperu.com\/wp-content\/uploads\/2024\/03\/logos-1.png\" alt=\"\" class=\"portfolio_img\"\/><\/a><\/div>\n<\/div>\n<\/div>\n<\/div>\n<\/div>\n","protected":false},"excerpt":{"rendered":"<p>PROGRAMAS SUR DEL PER\u00da Y BOLIVIA Sur del Peru y Selva Peruana Per\u00fa &#8211; Bolivia Sur del Per\u00fa Programa Sur del Per\u00fa 15,18 D\u00edas Destinos populares Chinchero, Salineras de Maras y Moray Chinchero, Salineras de Maras y Moray (Medio dia) [&hellip;]<\/p>\n","protected":false},"author":1,"featured_media":0,"parent":0,"menu_order":0,"comment_status":"closed","ping_status":"closed","template":"","meta":{"_joinchat":[],"footnotes":""},"class_list":["post-3557","page","type-page","status-publish","hentry"],"_links":{"self":[{"href":"https:\/\/urieltreksperu.com\/index.php\/wp-json\/wp\/v2\/pages\/3557","targetHints":{"allow":["GET"]}}],"collection":[{"href":"https:\/\/urieltreksperu.com\/index.php\/wp-json\/wp\/v2\/pages"}],"about":[{"href":"https:\/\/urieltreksperu.com\/index.php\/wp-json\/wp\/v2\/types\/page"}],"author":[{"embeddable":true,"href":"https:\/\/urieltreksperu.com\/index.php\/wp-json\/wp\/v2\/users\/1"}],"replies":[{"embeddable":true,"href":"https:\/\/urieltreksperu.com\/index.php\/wp-json\/wp\/v2\/comments?post=3557"}],"version-history":[{"count":83,"href":"https:\/\/urieltreksperu.com\/index.php\/wp-json\/wp\/v2\/pages\/3557\/revisions"}],"predecessor-version":[{"id":4170,"href":"https:\/\/urieltreksperu.com\/index.php\/wp-json\/wp\/v2\/pages\/3557\/revisions\/4170"}],"wp:attachment":[{"href":"https:\/\/urieltreksperu.com\/index.php\/wp-json\/wp\/v2\/media?parent=3557"}],"curies":[{"name":"wp","href":"https:\/\/api.w.org\/{rel}","templated":true}]}}